{"id":1037,"date":"2012-05-24T15:27:20","date_gmt":"2012-05-24T15:27:20","guid":{"rendered":"http:\/\/schach-jedesheim.de\/?page_id=1037"},"modified":"2019-09-17T19:48:40","modified_gmt":"2019-09-17T19:48:40","slug":"chronik","status":"publish","type":"page","link":"https:\/\/schach-jedesheim.de\/?page_id=1037","title":{"rendered":"Chronik"},"content":{"rendered":"<h2><b style=\"mso-bidi-font-weight: normal;\"><span style=\"font-size: medium;\"><span style=\"font-family: Calibri;\"><span style=\"color: #000000;\">Chronik der Abteilung Schach<\/span><\/span><\/span><\/b><\/h2>\n<p><!-- [if gte mso 9]><xml>\n<w:WordDocument>\n<w:View>Normal<\/w:View>\n<w:Zoom>0<\/w:Zoom>\n<w:HyphenationZone>21<\/w:HyphenationZone>\n<w:Compatibility>\n<w:BreakWrappedTables\/>\n<w:SnapToGridInCell\/>\n<w:WrapTextWithPunct\/>\n<w:UseAsianBreakRules\/>\n<\/w:Compatibility>\n<\/w:WordDocument>\n<\/xml><![endif]--><!-- [if gte mso 10]>\n\n\n\n<style>\n \/* Style Definitions *\/<br \/>\n table.MsoNormalTable<br \/>\n\t{mso-style-name:\"Normale Tabelle\";<br \/>\n\tmso-tstyle-rowband-size:0;<br \/>\n\tmso-tstyle-colband-size:0;<br \/>\n\tmso-style-noshow:yes;<br \/>\n\tmso-style-parent:\"\";<br \/>\n\tmso-padding-alt:0cm 5.4pt 0cm 5.4pt;<br \/>\n\tmso-para-margin:0cm;<br \/>\n\tmso-para-margin-bottom:.0001pt;<br \/>\n\tmso-pagination:widow-orphan;<br \/>\n\tfont-size:10.0pt;<br \/>\n\tfont-family:\"Times New Roman\";}<br \/>\n<\/style>\n\n<![endif]--><\/p>\n<p><strong><span style=\"font-family: arial; font-size: 10pt;\">1973<\/span><\/strong><br \/>\n<span style=\"font-family: arial; font-size: 10pt;\">Die\u00a0Abteilung Schach\u00a0des SV Jedesheim wird mit der Durchf\u00fchrung des \u201eHans-Mayer-Ged\u00e4chtnisturnier\u201c ins Leben gerufen und zusammen mit der Abteilung AH-Fu\u00dfball als eine Abteilung gef\u00fchrt. Hauptinitiatoren waren der 1. Abteilungsleiter Manfred Maschauer und Mentor Karl Meier. Josef Miller gewinnt zum ersten Male den K\u00f6nigspokal<br \/>\n<\/span><\/p>\n<p><strong><span style=\"font-family: arial; font-size: 10pt;\">1975<\/span><\/strong><b><span style=\"font-family: arial; font-size: 10pt;\"><br \/>\n<\/span><\/b><span style=\"font-family: arial; font-size: 10pt;\">Erstmals beteiligen sich Mannschaften aus Jedesheim an Punktspielen. Jedesheim 1 und Jedesheim 2 in der B-Klasse West (Nordschwaben), Jedesheim 3 in der C-Klasse.<br \/>\nDie 1. Mannschaft holte sofort den Meistertitel und stieg somit auf Anhieb in die A-Klasse auf. <\/span><\/p>\n<p><strong><span style=\"font-family: arial;\">1976<\/span><\/strong><b><br \/>\n<\/b><span style=\"mso-bidi-font-weight: bold;\">Jedesheim meldet 4 Mannschaften zu den Punktspielen im Schachbezirk Nordschwaben.<\/span><\/p>\n<p><strong><span style=\"font-family: arial; font-size: 10pt;\">1977<\/span><\/strong><b><span style=\"font-family: arial; font-size: 10pt;\"><br \/>\n<\/span><\/b><span style=\"font-family: arial; font-size: 10pt; mso-bidi-font-weight: bold;\">Jubil\u00e4umsturnier 10 Jahre AH-Abteilung: Blitzturnier f\u00fcr Vierermannschaften, Sieger Heimertingen.<\/span><\/p>\n<p><strong><span style=\"font-family: arial; font-size: 10pt;\">1978<\/span><\/strong><b><span style=\"font-family: arial; font-size: 10pt;\"><br \/>\n<\/span><\/b><span style=\"font-family: arial; font-size: 10pt;\">Die 1. Mannschaft gewinnt erneut die Meisterschaft und spielt nun in der Kreisklasse Schwaben. Die Freischachanlage bei der Gemeindehalle wird eingeweiht.<\/span><\/p>\n<p><strong><span style=\"font-family: arial; font-size: 10pt;\">1980 <\/span><\/strong><b><span style=\"font-family: arial; font-size: 10pt;\"><br \/>\n<\/span><\/b><span style=\"font-family: arial; font-size: 10pt;\">Die Schachspieler l\u00f6sen sich von der Abteilung \u201eAH-Schach\u201c und gr\u00fcnden ab dem 01.07.1980 die eigenst\u00e4ndige Abteilung Schach. Alois Kraus wird zum Abteilungsleiter gew\u00e4hlt.<br \/>\nKarl-Heinz Achatz spielt simultan in Jedesheim.<\/span><\/p>\n<p><span style=\"font-family: arial; font-size: 10pt;\">Jubil\u00e4umsturnier 60 Jahre SV Jedesheim: Blitz-Mannschaftsturnier \u201eJedesheimer R\u00f6ssle\u201c wird aus der Taufe gehoben: Sieger Post-SV Ulm<\/span><\/p>\n<p><strong><span style=\"font-family: arial; font-size: 10pt;\">1982 <\/span><\/strong><span style=\"font-family: arial; font-size: 10pt;\"><br \/>\nDer \u00dcbertritt zum Schachverband W\u00fcrttemberg wird vollzogen. Die 1. Mannschaft wurde in die Bezirksliga Oberschwaben eingestuft. Die 2. Mannschaft spielt in der B-Klasse.<\/span><\/p>\n<p><strong><span style=\"font-family: arial; font-size: 10pt;\">1986 <\/span><\/strong><b><span style=\"font-family: arial; font-size: 10pt;\"><br \/>\n<\/span><\/b><span style=\"font-family: arial; font-size: 10pt; mso-bidi-font-weight: bold;\">E<\/span><span style=\"font-family: arial; font-size: 10pt;\">rstmals Schachtreff auf dem Marktplatz in Illertissen. Trotz\u00a0 des regnerischen Wetters ein gro\u00dfer Erfolg, der uns viele neue Mitglieder brachte.<\/span><\/p>\n<p><strong><span style=\"font-family: arial; font-size: 10pt;\">1989<br \/>\n<\/span><\/strong><strong><span style=\"font-family: arial; font-size: 10pt; font-weight: normal; mso-bidi-font-weight: bold;\">Aufstieg der Jugendmannschaft in die Jugend-Verbandsliga W\u00fcrttemberg. Die zweite H\u00e4lfte der 80er war gepr\u00e4gt durch viele Erfolge im Jugend- und M\u00e4dchenschach<\/span><\/strong><span style=\"font-family: arial; font-size: 10pt;\"> \u2013 die \u00dcbungsleiter Rolf Jablonski, Erwin Raupp und Andreas Lanwehr (Jugend) waren hierf\u00fcr ma\u00dfgeblich verantwortlich.<br \/>\n<span style=\"mso-spacerun: yes;\">\u00a0<\/span><br \/>\n<strong><span style=\"font-family: arial;\">1990<br \/>\n<\/span><\/strong>W\u00fcrttembergische Mannschaftsmeisterschaft im Blitzschach findet in der Aula der Bischof-Ullrich-Schule in Illertissen statt.<\/span><\/p>\n<p><strong><span style=\"font-family: arial; font-size: 10pt;\">1991<\/span><\/strong><b><span style=\"font-family: arial; font-size: 10pt;\"><br \/>\n<\/span><\/b><span style=\"font-family: arial; font-size: 10pt;\">Der 1. Mannschaft gelang der Aufstieg in die Landesliga Oberschwaben.<br \/>\n<b style=\"mso-bidi-font-weight: normal;\">70 Jahre<\/b> <strong><span style=\"font-family: arial;\">Sportverein Jedesheim:<\/span><\/strong><strong><span style=\"font-family: arial; font-weight: normal; mso-bidi-font-weight: bold;\"> Oberschw\u00e4bische Schach-Einzelmeisterschaft erstmals in Jedesheim<\/span><\/strong>.<\/span><\/p>\n<p><strong><span style=\"font-family: arial; font-size: 10pt;\">1994 <\/span><\/strong><b><span style=\"font-family: arial; font-size: 10pt;\"><br \/>\n<\/span><\/b><span style=\"font-family: arial; font-size: 10pt;\">Erstmals wird das Kandidatenturnier des Schachverbandes W\u00fcrttemberg in der Historischen Schranne in Illertissen durchgef\u00fchrt. Schirmherr ist der damaligen Landrat Franz-Josef Schick.<br \/>\nVergleichswettkampf &#8222;Rechts gegen Links der Iller&#8220; (ca. 100 Teilnehmer).<br \/>\nAufstieg der 2. Mannschaft in die Kreisklasse<\/span><\/p>\n<p><strong>1997<br \/>\n<\/strong>Beim 1. Jedesheimer Jugend-Open beteiligten sich 65 Kinder und Jugendliche.<br \/>\n<strong><span style=\"font-family: arial; font-size: 10pt;\"><br \/>\n2000<\/span><\/strong><b><span style=\"font-family: arial; font-size: 10pt;\"><br \/>\n<\/span><\/b><span style=\"font-family: arial; font-size: 10pt;\">Die Oberschw\u00e4bische Schach-Einzelmeisterschaft findet erneut in der Gemeindehalle Jedesheim statt.<\/span><\/p>\n<p><strong><span style=\"font-family: arial; font-size: 10pt;\">2003<\/span><\/strong><b><span style=\"font-family: arial; font-size: 10pt;\"><br \/>\n<\/span><\/b><span style=\"font-family: arial; font-size: 10pt;\">Mit Schach-Grundkursen an der Bischof-Ulrich-Grundschule wird die \u00c4ra Schulschach eingeleitet. Die Kurse werden von Nadja Jussupow geleitet und f\u00fchren zu einem neuen Mitgliederanstieg in der Schachabteilung. Viele kommende Erfolge im Jugendschach basieren auf diesen Aktivit\u00e4ten.<\/span><\/p>\n<p><strong><span style=\"font-family: arial; font-size: 10pt;\">2004 <\/span><\/strong><b><span style=\"font-family: arial; font-size: 10pt;\"><br \/>\n<\/span><\/b><span style=\"font-family: arial; font-size: 10pt;\">Gro\u00dfe Weichenstellung in der Schachabteilung: Der Vereinsabend wurde von der Gemeindehalle Jedesheim in das <strong><span style=\"font-family: arial;\">Caritas-Centrum Illertissen<\/span><\/strong> verlegt. Vereinsabend ist jetzt am Freitag.<\/span><\/p>\n<p><strong><span style=\"font-family: arial; font-size: 10pt;\">2005<\/span><\/strong><b><span style=\"font-family: arial; font-size: 10pt;\"><br \/>\n<\/span><\/b><span style=\"font-family: arial; font-size: 10pt;\">Zum dritten Male wird die Oberschw\u00e4bische Schach-Einzelmeisterschaft an den SV Jedesheim \u00fcbertragen und vom 05.-08. Mai in der Gemeindehalle Jedesheim gespielt.<br \/>\nH\u00f6hepunkt war die <strong><span style=\"font-family: arial;\">W\u00fcrttembergische Schach-Einzelmeisterschaft <\/span><\/strong>vom 27.08. \u2013 04.09.2005 in der Historischen Schranne in Illertissen.Im Meisterturnier wurde der Neuzugang Dimitrij Anistratov W\u00fcrttembergischer Vizemeister und Hans-Michael Stiepan gewann sogar das Kandidatenturnier.<br \/>\nIn der Aufstellung Uli R\u00f6mer, Dimitrij Anistratov, Hans-Michael Stiepan und Thomas Rabe wurde erstmals die <strong><span style=\"font-family: arial;\">Oberschw\u00e4bische Blitz-Mannschaftsmeisterschaft.<\/span><\/strong>.\u00a0<\/span><\/p>\n<p><strong><span style=\"font-family: arial; font-size: 10pt;\">2006<\/span><\/strong><b><span style=\"font-family: arial; font-size: 10pt;\"><br \/>\n<\/span><\/b><span style=\"font-family: arial; font-size: 10pt;\">Auf Initiative unseres ehemaligen Jugendspielers Andreas Lanwehr beginnen in 2006 die Schachtreffs zum \u201eIllertisser Schaufenster\u201c.<\/span><\/p>\n<p><strong><span style=\"font-family: arial; font-size: 10pt;\">2008<\/span><\/strong><b><span style=\"font-family: arial; font-size: 10pt;\"><br \/>\n<strong><span style=\"font-family: arial;\">Clemens von Schwerin<\/span><\/strong><\/span><\/b><span style=\"font-family: arial; font-size: 10pt;\"> gewinnt die <strong><span style=\"font-family: arial;\">W\u00fcrttembergische Meisterschaft <\/span><\/strong>in der Jugendklasse U14.<br \/>\nDie W\u00fcrttembergische Meisterschaft im Schnellschach wird in der Gemeindehalle Jedesheim ausgerichtet. <\/span><\/p>\n<p><strong><span style=\"font-family: arial;\">2009<\/span><\/strong><b><br \/>\n<\/b>Das \u201eTurnier der Generationen\u201c wird in das Leben gerufen. Zusammen mit der 1. Illertisser Senioren-Meisterschaft soll dieses Turnier ein Kennenlernen von Alt und Jung unterst\u00fctzen.<br \/>\nDie Offene Baden-W\u00fcrttembergische U8-Meisterschaft auf dem Reiterhof in Illertissen wird ein sch\u00f6ner Erfolg.<\/p>\n<p><strong><span style=\"font-family: arial; font-size: 10pt;\">2010<\/span><\/strong><b><span style=\"font-family: arial; font-size: 10pt;\"><br \/>\n<\/span><\/b><span style=\"font-family: arial; font-size: 10pt;\">Oberschw\u00e4bische Schach-Einzelmeisterschaft im Sparkassensaal Illertissen.<\/span><\/p>\n<p><strong><span style=\"font-family: arial; font-size: 10pt;\">2011<\/span><\/strong><b><span style=\"font-family: arial; font-size: 10pt;\"><br \/>\n<\/span><\/b><span style=\"font-family: arial; font-size: 10pt;\">Zur Saison 2011\/2012 starteten wir erstmals mit acht Mannschaften.<br \/>\nDie Offene Baden-W\u00fcrttembergische U8-Meisterschaft wird zum zweiten Male auf dem Reiterhof in Illertissen ausgerichtet. Unter dem Motto \u201eWickie\u201c (Schwabenb\u00fchne Illertissen) erleben alle Beteiligten ein einmaliges Turnier.<\/span><\/p>\n<p><strong><span style=\"font-family: arial; font-size: 10pt;\">2012<\/span><\/strong><b><span style=\"font-family: arial; font-size: 10pt;\"><br \/>\n<\/span><\/b><span style=\"font-family: arial; font-size: 10pt;\">Jedesheim wird Oberschw\u00e4bischer Pokalsieger. Dabei konnten die Oberligisten TG Biberach und Post-SV Ulm jeweils mit 2,5:1,5 besiegt werden. Das Finale gegen Lindau wurde mit 4:0 gewonnen.<br \/>\nDie Ausrichtung der W\u00fcrttembergischen Schach-Einzelmeisterschaft wird erneut an den SV Jedesheim \u00fcbertragen. Mit dem Spielort V\u00f6hlinschlo\u00df Illertissen und einer Schachfiguren-Ausstellung wird ein neues Highlight f\u00fcr die Schachspieler in der Region geboten.\u00a0<\/span><\/p>\n<p><strong><u><span style=\"font-family: arial; font-size: 10pt;\">Bisherige Abteilungsleiter:<br \/>\n<\/span><\/u><\/strong><span style=\"font-family: arial; font-size: 10pt;\">1973 \u2013 1978\u00a0\u00a0\u00a0\u00a0\u00a0\u00a0 Manfred Maschauer<br \/>\n1979 \u2013 1980\u00a0\u00a0\u00a0\u00a0\u00a0\u00a0 Werner Mayer<br \/>\n1980 \u2013 1986\u00a0\u00a0\u00a0\u00a0\u00a0\u00a0 Alois Kraus<br \/>\n1986 &#8211; 1996\u00a0\u00a0\u00a0\u00a0\u00a0\u00a0\u00a0 Georg Schm\u00f6lzer<br \/>\n1997 \u2013 2002\u00a0\u00a0\u00a0\u00a0\u00a0\u00a0 Dr. Hans Haustein<br \/>\n2003 \u2013 bis heute Bernhard Jehle<\/span><\/p>\n","protected":false},"excerpt":{"rendered":"<p>Chronik der Abteilung Schach 1973 Die\u00a0Abteilung Schach\u00a0des SV Jedesheim wird mit der Durchf\u00fchrung des \u201eHans-Mayer-Ged\u00e4chtnisturnier\u201c ins Leben gerufen und zusammen mit der Abteilung AH-Fu\u00dfball als eine Abteilung gef\u00fchrt. Hauptinitiatoren waren der 1. Abteilungsleiter Manfred&#46;&#46;&#46;<\/p>\n","protected":false},"author":1,"featured_media":0,"parent":12,"menu_order":10,"comment_status":"closed","ping_status":"closed","template":"","meta":{"_price":"","_stock":"","_tribe_ticket_header":"","_tribe_default_ticket_provider":"","_tribe_ticket_capacity":"0","_ticket_start_date":"","_ticket_end_date":"","_tribe_ticket_show_description":"","_tribe_ticket_show_not_going":false,"_tribe_ticket_use_global_stock":"","_tribe_ticket_global_stock_level":"","_global_stock_mode":"","_global_stock_cap":"","_tribe_rsvp_for_event":"","_tribe_ticket_going_count":"","_tribe_ticket_not_going_count":"","_tribe_tickets_list":"[]","_tribe_ticket_has_attendee_info_fields":false,"footnotes":"","_tec_slr_enabled":"","_tec_slr_layout":""},"class_list":["post-1037","page","type-page","status-publish","hentry"],"ticketed":false,"_links":{"self":[{"href":"https:\/\/schach-jedesheim.de\/index.php?rest_route=\/wp\/v2\/pages\/1037","targetHints":{"allow":["GET"]}}],"collection":[{"href":"https:\/\/schach-jedesheim.de\/index.php?rest_route=\/wp\/v2\/pages"}],"about":[{"href":"https:\/\/schach-jedesheim.de\/index.php?rest_route=\/wp\/v2\/types\/page"}],"author":[{"embeddable":true,"href":"https:\/\/schach-jedesheim.de\/index.php?rest_route=\/wp\/v2\/users\/1"}],"replies":[{"embeddable":true,"href":"https:\/\/schach-jedesheim.de\/index.php?rest_route=%2Fwp%2Fv2%2Fcomments&post=1037"}],"version-history":[{"count":18,"href":"https:\/\/schach-jedesheim.de\/index.php?rest_route=\/wp\/v2\/pages\/1037\/revisions"}],"predecessor-version":[{"id":10084,"href":"https:\/\/schach-jedesheim.de\/index.php?rest_route=\/wp\/v2\/pages\/1037\/revisions\/10084"}],"up":[{"embeddable":true,"href":"https:\/\/schach-jedesheim.de\/index.php?rest_route=\/wp\/v2\/pages\/12"}],"wp:attachment":[{"href":"https:\/\/schach-jedesheim.de\/index.php?rest_route=%2Fwp%2Fv2%2Fmedia&parent=1037"}],"curies":[{"name":"wp","href":"https:\/\/api.w.org\/{rel}","templated":true}]}}